{"id":91,"date":"2025-03-06T19:06:15","date_gmt":"2025-03-06T18:06:15","guid":{"rendered":"https:\/\/ruossag.wordpress.com\/?page_id=91"},"modified":"2026-04-04T20:23:11","modified_gmt":"2026-04-04T18:23:11","slug":"reiseberichte","status":"publish","type":"page","link":"https:\/\/www.ruossag.ch\/?page_id=91","title":{"rendered":"Reiseberichte"},"content":{"rendered":"<p><a href=\"https:\/\/www.ruossag.ch\/wp-content\/uploads\/2026\/04\/BERICHT-MWC-26-FINAL.pdf\">M\u00e4rz 2026: MWC Barcelona<\/a><\/p>\r\n<p><a href=\"https:\/\/www.ruossag.ch\/wp-content\/uploads\/2026\/02\/BERICHT-CES-26-FINAL-kompr.pdf\">Januar 2026: CES Las Vegas<\/a><\/p>\r\n<p><a href=\"https:\/\/www.ruossag.ch\/wp-content\/uploads\/2025\/10\/Bericht-SCTE-CableTecExpo-Final-RUO.pdf\">September 2025: SCTE TechExpo 2025<\/a><\/p>\r\n<p><a href=\"https:\/\/www.ruossag.ch\/wp-content\/uploads\/2025\/09\/Bericht-IBC-25-RUOAG.pdf\">September 2025: IBC Amsterdam<\/a><\/p>\r\n<p><a href=\"https:\/\/www.ruossag.ch\/wp-content\/uploads\/2025\/09\/Bericht-FRK-25-RUOAG.pdf\">September 2025: Breitbandkongress des FRK\u00a0Leipzig<\/a><\/p>\r\n<!-- \/wp:post-content -->\r\n\r\n<!-- wp:paragraph -->\r\n<p><a href=\"https:\/\/www.ruossag.ch\/wp-content\/uploads\/2025\/09\/Bericht-IFA-25-RUOAG.pdf\">September 2025: IFA Berlin<\/a><\/p>\r\n<p><a href=\"https:\/\/www.ruossag.ch\/wp-content\/uploads\/2025\/06\/ANGA-25-Bericht-RUOAG-1.pdf\">Juni 2025: ANGA COM K\u00f6ln<\/a><\/p>\r\n<p><a href=\"https:\/\/www.ruossag.ch\/wp-content\/uploads\/2025\/04\/NAB-Bericht-25-Final-RUOAG.pdf\">April 2025: NABShow Las Vegas<\/a><\/p>\r\n<p><a href=\"https:\/\/www.ruossag.ch\/wp-content\/uploads\/2025\/03\/Bericht-Satshow-25-Ruo-AG.pdf\">M\u00e4rz 2025: Satellite Conference &amp; Exhibition Washington DC<\/a><\/p>\r\n<p><a href=\"https:\/\/www.ruossag.ch\/wp-content\/uploads\/2025\/03\/Bericht-MWC-25-RuoAG.pdf\">M\u00e4rz 2025: MWC Barcelona<\/a><\/p>\r\n<p><a href=\"https:\/\/www.ruossag.ch\/wp-content\/uploads\/2025\/01\/CES-2025-Bericht-FINAL-RUO-AG.pdf\">Januar 2025: CES Las Vergas<\/a><\/p>\r\n<p><a href=\"https:\/\/www.ruossag.ch\/wp-content\/uploads\/2024\/11\/Bericht-MTM-24-Final-RUO.pdf\">Oktober 2024: Medientage M\u00fcnchen<\/a><\/p>\r\n<p><a href=\"https:\/\/www.ruossag.ch\/wp-content\/uploads\/2024\/10\/BERICHT-TECH-EXPO24-Ruo.pdf\">September 2024: Tech Expo Atlanta<\/a><\/p>\r\n<p><a href=\"https:\/\/www.ruossag.ch\/wp-content\/uploads\/2024\/09\/Bericht-IBC-24-RUO.pdf\">September 2024: IBC Amsterdam<\/a><\/p>\r\n<p><a href=\"https:\/\/www.ruossag.ch\/wp-content\/uploads\/2024\/09\/Bericht-IFA24-RuoAG.pdf\">September 2024: IFA Berlin<\/a><\/p>\r\n<p><a href=\"https:\/\/www.ruossag.ch\/wp-content\/uploads\/2024\/05\/ANGA-Bericht-24-Final-RuoAG.pdf\">Mai 2024: ANGA COM<\/a><\/p>\r\n<p><a href=\"https:\/\/www.ruossag.ch\/wp-content\/uploads\/2024\/04\/BERICHT-NAB-24-Final-Ruo-AG.pdf\">April 2024: NAB Las Vegas<\/a><\/p>\r\n<p><a href=\"https:\/\/www.ruossag.ch\/wp-content\/uploads\/2024\/01\/BERICHT-CES-24-Ruo-AG.pdf\">Januar 2024: CES Las Vegas<\/a><\/p>\r\n<p><a href=\"https:\/\/www.ruossag.ch\/wp-content\/uploads\/2023\/10\/Bericht-CTE-23-Final-Ruo.pdf\">Oktober 2023: Scte-CableTecExpo Denver<\/a><\/p>\r\n<p><a href=\"https:\/\/www.ruossag.ch\/wp-content\/uploads\/2023\/10\/Bericht-IBC-23-Final-RuoAG.pdf\">September 2023: IBC Amsterdam<\/a><\/p>\r\n<p><a href=\"https:\/\/www.ruossag.ch\/wp-content\/uploads\/2023\/09\/BERICHT-FRK-23-RUO.pdf\">September 2023: FRK Leipzig<\/a><\/p>\r\n<p><a href=\"https:\/\/www.ruossag.ch\/wp-content\/uploads\/2023\/09\/Bericht-IFA-23-FINAL-Ruo.pdf\">September 2023: IFA Berlin<\/a><\/p>\r\n<p><a href=\"https:\/\/www.ruossag.ch\/wp-content\/uploads\/2023\/06\/Bericht-ANGA-23-Final-RUOAG.pdf\">Mai 2023: ANGA COM K\u00f6ln<\/a><\/p>\r\n<p><a href=\"https:\/\/www.ruossag.ch\/wp-content\/uploads\/2023\/04\/Bericht-NAB23-FINAL-RuoAG.pdf\">April 2023: NAB Las Vegas<\/a><\/p>\r\n<p><a href=\"https:\/\/www.ruossag.ch\/wp-content\/uploads\/2023\/04\/Bericht-RDE-2023-Final-Ruo-AG.pdf\">M\u00e4rz 2023: Radiodays Europe Prag<\/a><\/p>\r\n<p><a href=\"https:\/\/www.ruossag.ch\/wp-content\/uploads\/2023\/03\/MWC23-Bericht-Final-RuoAG.pdf\">Februar 2023: MWC23 Barcelona<\/a><\/p>\r\n<p><a href=\"https:\/\/www.ruossag.ch\/wp-content\/uploads\/2023\/01\/CES-BERICHT-2023-RuoAG.pdf\">Januar 2023: CES Las Vegas<\/a><\/p>\r\n<p><a href=\"https:\/\/www.ruossag.ch\/wp-content\/uploads\/2022\/09\/BERICHT-CABLETECEXPO-RUO.pdf\">September 2022: Cable-Tec Expo 2022 Philadelphia<\/a><\/p>\r\n<p><a href=\"https:\/\/www.ruossag.ch\/wp-content\/uploads\/2022\/09\/Bericht-IBC22-FINAL-WEB-RUO.pdf\">September 2022: IBC22 Amsterdam<\/a><\/p>\r\n<p><a href=\"https:\/\/www.ruossag.ch\/wp-content\/uploads\/2022\/09\/Bericht-IFA22-FINAL-RUOAG.pdf\">September 2022: IFA Berlin<\/a><\/p>\r\n<p><a href=\"https:\/\/www.ruossag.ch\/wp-content\/uploads\/2022\/05\/Bericht-RDE-22-RuoAG-.pdf\">Mai 2022: RADIODAYSEUROPE Malm\u00f6-Hyllie<\/a><\/p>\r\n<p><a href=\"https:\/\/www.ruossag.ch\/wp-content\/uploads\/2022\/05\/ANGA-Bericht-22-Ruo-AG.pdf\">Mai 2022: ANGA COM K\u00f6ln<\/a><\/p>\r\n<p><a href=\"https:\/\/www.ruossag.ch\/wp-content\/uploads\/2022\/05\/Bericht-NAB-22-Final-Ruo-AG.pdf\">April 2022: NAB 22 Las Vegas<\/a><\/p>\r\n<p><a href=\"https:\/\/www.ruossag.ch\/wp-content\/uploads\/2022\/03\/Bericht-SAT-2022-RUO.pdf\">M\u00e4rz 2022: 41. Satellite Conference and Exhibition Washington DC<\/a><\/p>\r\n<p><a href=\"https:\/\/www.ruossag.ch\/wp-content\/uploads\/2022\/03\/Bericht-MWC22-FINAL-RUO.pdf\">M\u00e4rz 2022: MWC22 Barcelona<\/a><\/p>\r\n<p><a href=\"https:\/\/www.ruossag.ch\/wp-content\/uploads\/2017\/03\/Bericht-CES-FINAL-V2-RUOAG.pdf\" rel=\"\">Januar 2022: CES<\/a><\/p>\r\n<p><a href=\"https:\/\/www.ruossag.ch\/wp-content\/uploads\/2017\/03\/BERICHT-CTE-2021-RUO.pdf\" rel=\"\">Oktober 2021: Cable-Tec Expo<\/a><\/p>\r\n<p><a href=\"https:\/\/www.ruossag.ch\/wp-content\/uploads\/2017\/03\/FRK-Bericht-Final-V3-RUOAG.pdf\" rel=\"\">September 2021: Breitbandkongress des FRK in Leipzig<\/a><\/p>\r\n<p><a href=\"https:\/\/www.ruossag.ch\/wp-content\/uploads\/2017\/03\/BERICHT-MWC-21-Final-RuoAG.pdf\" rel=\"\">Juli 2021: MWC21 Barcelona<\/a><\/p>\r\n<p><a href=\"https:\/\/www.ruossag.ch\/wp-content\/uploads\/2017\/03\/Bericht-CES-2021-Final-RUO.pdf\" rel=\"\">Januar 2021: CES<\/a><\/p>\r\n<p><a href=\"https:\/\/www.ruossag.ch\/wp-content\/uploads\/2017\/03\/CableTec-Expo-20-Final-RUOAG.pdf\" rel=\"\">Oktober 2020: Cable-Tec Expo<\/a><\/p>\r\n<p><a href=\"https:\/\/www.ruossag.ch\/wp-content\/uploads\/2017\/03\/BERICHT-FRK-Final-RUO.pdf\" rel=\"\">September 2020: Breitbandkongress des FRK in Leipzig<\/a><\/p>\r\n<p><a href=\"https:\/\/www.ruossag.ch\/wp-content\/uploads\/2017\/03\/IFA-Bericht-2020-FINAL-1.pdf\" rel=\"\">September 2020: IFA &#8222;Special Edition&#8220; Berlin<\/a><\/p>\r\n<p><a href=\"https:\/\/www.ruossag.ch\/wp-content\/uploads\/2017\/03\/BERICHT-MWC-2020-RUO-AG.pdf\" rel=\"\">Februar 2020: MWC Barcelona<\/a><\/p>\r\n<p><a href=\"https:\/\/www.ruossag.ch\/wp-content\/uploads\/2017\/03\/Bericht-CES-2020-Final-RUOAG.pdf\" rel=\"\">Januar 2020: CES Las Vegas<\/a><\/p>\r\n<p><a href=\"https:\/\/www.ruossag.ch\/wp-content\/uploads\/2017\/03\/SuisseDigitalDay19.pdf\" rel=\"\">November 2019: SuisseDigitalDay19<\/a><\/p>\r\n<p><a href=\"https:\/\/www.ruossag.ch\/wp-content\/uploads\/2017\/03\/Bericht-CableTecExpo-FINALRUO.pdf\" rel=\"\">Oktober 2019: Cable-Tec Expo New Orleans<\/a><\/p>\r\n<p><a href=\"https:\/\/www.ruossag.ch\/wp-content\/uploads\/2017\/03\/IBC-Bericht-2019-FinalRUO.pdf\" rel=\"\">September 2019: IBC Amsterdam<\/a><\/p>\r\n<p><a href=\"https:\/\/www.ruossag.ch\/wp-content\/uploads\/2017\/03\/BERICHT-IFA-Final-V2-RuoAG.pdf\" rel=\"\">September 2019: IFA Berlin<\/a><\/p>\r\n<p><a href=\"https:\/\/www.ruossag.ch\/wp-content\/uploads\/2017\/03\/ANGA-Bericht-Final-RUOAG.pdf\" rel=\"\">Juni 2019: ANGA COM K\u00f6ln<\/a><\/p>\r\n<p><a href=\"https:\/\/www.ruossag.ch\/wp-content\/uploads\/2017\/03\/NAB-Bericht-19-RUO.pdf\" rel=\"\">April 2019: NAB Las Vegas<\/a><\/p>\r\n<p><a href=\"https:\/\/www.ruossag.ch\/wp-content\/uploads\/2017\/03\/MWC-BERICHT-RUO.pdf\" rel=\"\">Februar 2019: MWC Barcelona<\/a><\/p>\r\n<p><a href=\"https:\/\/www.ruossag.ch\/wp-content\/uploads\/2017\/03\/CES-2019-WEBBERICHT-FINAL.pdf\" rel=\"\">Januar 2019: CES Las Vegas<\/a><\/p>\r\n<p><a href=\"https:\/\/www.ruossag.ch\/wp-content\/uploads\/2017\/03\/CABLETECEXPO18-WEB-FINAL.pdf\" rel=\"\">Oktober 2018: SCTE-ISBE CABLE-TEC EXPO<\/a><\/p>\r\n<p><a href=\"https:\/\/www.ruossag.ch\/wp-content\/uploads\/2017\/03\/Bericht-NAB-Radio-Webversion.pdf\" rel=\"\">September 2018: NAB und RAB RadioShow<\/a><\/p>\r\n<p><a href=\"https:\/\/www.ruossag.ch\/wp-content\/uploads\/2017\/03\/Bericht-IBC-WEBVERSION-Final.pdf\" rel=\"\">September 2018: IBC<\/a><\/p>\r\n<p><a href=\"https:\/\/www.ruossag.ch\/wp-content\/uploads\/2017\/03\/IFA-Bericht-Webversion-Final-.pdf\" rel=\"\">September 2018: IFA<\/a><\/p>\r\n<p><a href=\"https:\/\/www.ruossag.ch\/wp-content\/uploads\/2017\/03\/Bericht-NAB-18-WEB-Final.pdf\" rel=\"\">April 2018: NAB<\/a><\/p>\r\n<p><a href=\"https:\/\/www.ruossag.ch\/wp-content\/uploads\/2017\/03\/Bericht-RDE-18.pdf\" rel=\"\">M\u00e4rz 2018: Radiodayseurope<\/a><\/p>\r\n<p><a href=\"https:\/\/www.ruossag.ch\/wp-content\/uploads\/2017\/03\/Bericht-MWC-2018-WEB-V2.pdf\" rel=\"\">Februar 2018: MWC Barcelona<\/a><\/p>\r\n<p><a href=\"https:\/\/www.ruossag.ch\/wp-content\/uploads\/2017\/03\/Bericht-CES-2018-WEBVERSION.pdf\" rel=\"\">Januar 2018: CES Las Vegas<\/a><\/p>\r\n<p><a href=\"https:\/\/www.ruossag.ch\/wp-content\/uploads\/2017\/03\/KurzBericht-Medientage-M\u00fcnchen-2017-M.Ruoss_.pdf\" rel=\"\">Oktober 2017: Medientage M\u00fcnchen<\/a><\/p>\r\n<p><a href=\"https:\/\/www.ruossag.ch\/wp-content\/uploads\/2017\/03\/Bericht-Cable-Tech-Expo-f\u00fcr-Website.pdf\" rel=\"\">Oktober 2717: Cable Tech Expo<\/a><\/p>\r\n<p><a href=\"https:\/\/www.ruossag.ch\/wp-content\/uploads\/2017\/03\/Bericht-IBC-Webversion-V1.pdf\" rel=\"\">September 2017: IBC <\/a><a href=\"https:\/\/www.ruossag.ch\/wp-content\/uploads\/2017\/03\/Bericht-IBC-Webversion-V1.pdf\" rel=\"\">17<\/a><\/p>\r\n<p><a href=\"https:\/\/www.ruossag.ch\/wp-content\/uploads\/2017\/03\/Bericht-IFA-17-Webversion-V1.pdf\" rel=\"\">September 2017: IFA 2017<\/a><\/p>\r\n<p><a href=\"https:\/\/www.ruossag.ch\/wp-content\/uploads\/2017\/03\/KuBe-ANGA-17.pdf\" rel=\"\">Juni 2017:\u00a0ANGA COM 17<\/a><\/p>\r\n<p><a href=\"https:\/\/www.ruossag.ch\/wp-content\/uploads\/2017\/03\/KuBe-GV-Swissdigital.pdf\" rel=\"\">Juni 2017: GV Swissdigital<\/a><\/p>\r\n<p><a href=\"https:\/\/www.ruossag.ch\/wp-content\/uploads\/2017\/03\/NAB-17-f\u00fcr-Website.pdf\" rel=\"\">Mai 2017: NAB 17<\/a><\/p>\r\n<p><a href=\"https:\/\/www.ruossag.ch\/wp-content\/uploads\/2017\/03\/KuBe-RDE-2017.pdf\" rel=\"\">M\u00e4rz 2017: Radiodays Europe<\/a><\/p>\r\n<p><a href=\"https:\/\/www.ruossag.ch\/wp-content\/uploads\/2017\/01\/Bericht-MWC-2017-WEB-Final.pdf\" rel=\"\">M\u00e4rz 2017: Mobile World Congress<\/a><\/p>\r\n<p><a href=\"https:\/\/www.ruossag.ch\/wp-content\/uploads\/2015\/12\/CES-Bericht-f\u00fcr-WEBFinal.pdf\" rel=\"\">Januar 2017: Reisebericht CES<\/a><\/p>\r\n<p><a href=\"https:\/\/www.ruossag.ch\/wp-content\/uploads\/2015\/12\/MTM-Webversion-Final.pdf\" rel=\"\">Oktober 2016: Medientage M\u00fcnchen<\/a><\/p>\r\n<p><a href=\"https:\/\/www.ruossag.ch\/wp-content\/uploads\/2015\/12\/CableTecExpo-KuBe-f\u00fcr-Website.pdf\" rel=\"\">September 2016: Cable Tec Expo<\/a><\/p>\r\n<div class=\"page\" title=\"Page 1\">\r\n<div class=\"layoutArea\">\r\n<div class=\"column\"><a href=\"https:\/\/www.ruossag.ch\/wp-content\/uploads\/2015\/12\/KuBe-IFA16-f\u00fcr-Website.pdf\" rel=\"\">September 2016: IFA &#8211; Rekordeinnahmen bei r\u00fcckl\u00e4ufigen Besucherzahlen<\/a><\/div>\r\n<div>\u00a0<\/div>\r\n<\/div>\r\n<\/div>\r\n<p><a href=\"https:\/\/www.ruossag.ch\/wp-content\/uploads\/2015\/12\/Kurzbericht-IBC-16.pdf\" rel=\"\">September 2016: CONFERENCE&amp;EXHIBITION RAI AMSTERDAM<\/a><\/p>\r\n<p><a href=\"https:\/\/www.ruossag.ch\/wp-content\/uploads\/2015\/12\/Bericht-INTX-16-f\u00fcr-MRU-Website.pdf\" rel=\"\">Mai 2016: Bericht INTX &#8217;16<\/a><\/p>\r\n<p><a href=\"https:\/\/www.ruossag.ch\/wp-content\/uploads\/2015\/12\/Bericht-NAB-2016-.pdf\" rel=\"\">April 2016: NAB Show &amp; Conference Las Vegas<\/a><\/p>\r\n<p><a href=\"https:\/\/www.ruossag.ch\/wp-content\/uploads\/2015\/12\/Bericht-RDE-f\u00fcr-RUO-Website.pdf\" rel=\"\">M\u00e4rz 2016: Radio-Jahres-Treffen in Paris: Radiodayseurope!<\/a><\/p>\r\n<p><a href=\"https:\/\/www.ruossag.ch\/wp-content\/uploads\/2015\/12\/KuBe-MWC-f\u00fcr-Website.pdf\" rel=\"\">Februar 2016: Mobile World Congress 2016 Barcelona<\/a><\/p>\r\n<p><a href=\"https:\/\/www.ruossag.ch\/wp-content\/uploads\/2015\/12\/Bericht-CES-16-f%C3%BCr-Website.pdf\" rel=\"\">Januar 2016: Bericht CES<\/a><\/p>\r\n<p><a href=\"https:\/\/www.ruossag.ch\/wp-content\/uploads\/2015\/12\/reisebericht-mru-ibc-2015.pdf\" rel=\"\">September 2015: Reisebericht IBC 2015<\/a><\/p>\r\n<p><a title=\"Reisebericht MRU NAB 2015\" href=\"https:\/\/www.ruossag.ch\/wp-content\/uploads\/2015\/12\/reisebericht-mru-nab-2015.pdf\" target=\"_blank\" rel=\"noopener\">April 2015: Reisebericht NAB 201<\/a>5<\/p>\r\n<p><a title=\"Reisebericht MRU CES 2015\" href=\"https:\/\/www.ruossag.ch\/wp-content\/uploads\/2015\/12\/reisebericht-mru-ces-2015.pdf\" target=\"_blank\" rel=\"noopener\">Januar 2015: Reisebericht CES 2015<\/a><\/p>","protected":false},"excerpt":{"rendered":"<p>M\u00e4rz 2026: MWC Barcelona Januar 2026: CES Las Vegas September 2025: SCTE TechExpo 2025 September 2025: IBC Amsterdam September 2025: Breitbandkongress des FRK\u00a0Leipzig September 2025: IFA Berlin Juni 2025: ANGA COM K\u00f6ln April 2025: NABShow Las Vegas M\u00e4rz 2025: Satellite Conference &amp; Exhibition Washington DC M\u00e4rz 2025: MWC Barcelona Januar 2025: CES Las Vergas Oktober &#8230; <a title=\"Reiseberichte\" class=\"read-more\" href=\"https:\/\/www.ruossag.ch\/?page_id=91\" aria-label=\"Mehr Informationen \u00fcber Reiseberichte\">Weiterlesen<\/a><\/p>\n","protected":false},"author":1,"featured_media":0,"parent":0,"menu_order":0,"comment_status":"closed","ping_status":"closed","template":"","meta":{"footnotes":""},"class_list":["post-91","page","type-page","status-publish"],"_links":{"self":[{"href":"https:\/\/www.ruossag.ch\/index.php?rest_route=\/wp\/v2\/pages\/91","targetHints":{"allow":["GET"]}}],"collection":[{"href":"https:\/\/www.ruossag.ch\/index.php?rest_route=\/wp\/v2\/pages"}],"about":[{"href":"https:\/\/www.ruossag.ch\/index.php?rest_route=\/wp\/v2\/types\/page"}],"author":[{"embeddable":true,"href":"https:\/\/www.ruossag.ch\/index.php?rest_route=\/wp\/v2\/users\/1"}],"replies":[{"embeddable":true,"href":"https:\/\/www.ruossag.ch\/index.php?rest_route=%2Fwp%2Fv2%2Fcomments&post=91"}],"version-history":[{"count":103,"href":"https:\/\/www.ruossag.ch\/index.php?rest_route=\/wp\/v2\/pages\/91\/revisions"}],"predecessor-version":[{"id":560,"href":"https:\/\/www.ruossag.ch\/index.php?rest_route=\/wp\/v2\/pages\/91\/revisions\/560"}],"wp:attachment":[{"href":"https:\/\/www.ruossag.ch\/index.php?rest_route=%2Fwp%2Fv2%2Fmedia&parent=91"}],"curies":[{"name":"wp","href":"https:\/\/api.w.org\/{rel}","templated":true}]}}